{"id":1052,"date":"2016-12-03T14:57:56","date_gmt":"2016-12-03T14:57:56","guid":{"rendered":"http:\/\/ensembleregards.com\/?page_id=1052"},"modified":"2023-03-27T20:46:59","modified_gmt":"2023-03-27T20:46:59","slug":"enregistrements","status":"publish","type":"page","link":"https:\/\/ensembleregards.com\/en\/audios\/","title":{"rendered":"Audios"},"content":{"rendered":"<p><strong>Hyper Regards, \u00e0 la Cit\u00e9 internationale des arts, le 27 Juin 2015<\/strong><br \/>\n<iframe loading=\"lazy\" src=\"https:\/\/w.soundcloud.com\/player\/?url=https%3A\/\/api.soundcloud.com\/tracks\/236681274&amp;color=ff5500&amp;auto_play=false&amp;hide_related=false&amp;show_comments=true&amp;show_user=true&amp;show_reposts=false\" width=\"100%\" height=\"166\" frameborder=\"no\" scrolling=\"no\"><\/iframe><br \/>\nJuan Arroyo, Sismo, pi\u00e8ce pour ensemble, direction musicale : Julien B\u00e9n\u00e9teau, live recording<\/p>\n<p><iframe loading=\"lazy\" src=\"https:\/\/w.soundcloud.com\/player\/?url=https%3A\/\/api.soundcloud.com\/tracks\/144658997&amp;color=ff5500&amp;auto_play=false&amp;hide_related=false&amp;show_comments=true&amp;show_user=true&amp;show_reposts=false\" width=\"100%\" height=\"166\" frameborder=\"no\" scrolling=\"no\"><\/iframe><br \/>\nCarlos de Castellarno Natura Morta, pi\u00e8ce pour accord\u00e9on et live electronics, live recording, 2015<\/p>\n<p><iframe loading=\"lazy\" src=\"https:\/\/w.soundcloud.com\/player\/?url=https%3A\/\/api.soundcloud.com\/tracks\/150242902&amp;color=ff5500&amp;auto_play=false&amp;hide_related=false&amp;show_comments=true&amp;show_user=true&amp;show_reposts=false\" width=\"100%\" height=\"166\" frameborder=\"no\" scrolling=\"no\"><\/iframe><br \/>\nFlorent C. Darras, Soleil Mat, pi\u00e8ce pour ensemble, live recording, 2015<\/p>\n<p><strong>Festival Mixtur \u00e0 Barcelone, le 22 avril 2016<\/strong><br \/>\n<iframe loading=\"lazy\" src=\"https:\/\/w.soundcloud.com\/player\/?url=https%3A\/\/api.soundcloud.com\/tracks\/270351192&amp;color=ff5500&amp;auto_play=false&amp;hide_related=false&amp;show_comments=true&amp;show_user=true&amp;show_reposts=false\" width=\"100%\" height=\"166\" frameborder=\"no\" scrolling=\"no\"><\/iframe><br \/>\nKeita Matsumiya : D\u00e9viation II pour saxophone t\u00e9nor, accord\u00e9on micro tonale et violoncelle, live recording, 2016<\/p>\n<p><strong>La Porte Ouverte, \u00e0 l\u2019Eglise Luth\u00e9rienne des Billettes \u00e0 Paris, le 20 septembre 2014<\/strong><br \/>\n<iframe loading=\"lazy\" src=\"https:\/\/w.soundcloud.com\/player\/?url=https%3A\/\/api.soundcloud.com\/tracks\/207995743&amp;color=ff5500&amp;auto_play=false&amp;hide_related=false&amp;show_comments=true&amp;show_user=true&amp;show_reposts=false\" width=\"100%\" height=\"166\" frameborder=\"no\" scrolling=\"no\"><\/iframe><br \/>\nVincent Trollet, Revival, pi\u00e8ce pour violoncelle, voix de soprano d&#8217;apr\u00e8s un po\u00e8me de Gabrielle Althen, live recording, 2015<\/p>\n<p><strong>Hyper Regards, \u00e0 la Cit\u00e9 internationale des arts, le 27 Juin 2015<\/strong><br \/>\n<iframe loading=\"lazy\" src=\"https:\/\/w.soundcloud.com\/player\/?url=https%3A\/\/api.soundcloud.com\/tracks\/236565002&amp;color=ff5500&amp;auto_play=false&amp;hide_related=false&amp;show_comments=true&amp;show_user=true&amp;show_reposts=false\" width=\"100%\" height=\"166\" frameborder=\"no\" scrolling=\"no\"><\/iframe><br \/>\nHiromi Watanabe, Anamn\u00e8se, pi\u00e8ce pour fl\u00fbte et \u00e9lectronique, live recording, 2015<\/p>\n<hr \/>\n<p><strong>La Porte Ouverte, \u00e0 l\u2019Eglise Luth\u00e9rienne des Billettes \u00e0 Paris, le 20 septembre 2014<\/strong><br \/>\n<iframe loading=\"lazy\" src=\"https:\/\/w.soundcloud.com\/player\/?url=https%3A\/\/api.soundcloud.com\/tracks\/200172077&amp;color=ff5500&amp;auto_play=false&amp;hide_related=false&amp;show_comments=true&amp;show_user=true&amp;show_reposts=false\" width=\"100%\" height=\"166\" frameborder=\"no\" scrolling=\"no\"><\/iframe><br \/>\nGr\u00e9goire Lorieux, L&#8217;autre c\u00f4t\u00e9 du ciel, pi\u00e8ce pour quatuor vocal et dispositif \u00e9lectronique, live recording, 2014<\/p>\n<p><strong>Regards Premiers<\/strong>, Ensemble Regards, Direction Julien B\u00e9n\u00e9teau, \u00e0 l&#8217;Eglise de la R\u00e9demption, 29 novembre 2014<br \/>\n<iframe loading=\"lazy\" src=\"https:\/\/w.soundcloud.com\/player\/?url=https%3A\/\/api.soundcloud.com\/tracks\/197645898&amp;color=ff5500&amp;auto_play=false&amp;hide_related=false&amp;show_comments=true&amp;show_user=true&amp;show_reposts=false\" width=\"100%\" height=\"166\" frameborder=\"no\" scrolling=\"no\"><\/iframe><br \/>\nHarrison Birtwhistle, Tragoedia, pi\u00e8ce pour Ensemble, live recording<\/p>","protected":false},"excerpt":{"rendered":"<p>Hyper Regards, \u00e0 la Cit\u00e9 internationale des arts, le 27 Juin 2015 Juan Arroyo, Sismo, pi\u00e8ce pour ensemble, direction musicale : Julien B\u00e9n\u00e9teau, live recording Carlos de Castellarno Natura Morta, pi\u00e8ce pour accord\u00e9on et live electronics, live recording, 2015 Florent C. Darras, Soleil Mat, pi\u00e8ce pour ensemble, live recording, 2015 Festival Mixtur \u00e0 Barcelone, le<\/p>\n<div><a class=\"btn-filled btn\" href=\"https:\/\/ensembleregards.com\/en\/audios\/\" title=\"Audios\">Read More<\/a><\/div>\n","protected":false},"author":5,"featured_media":0,"parent":0,"menu_order":0,"comment_status":"closed","ping_status":"closed","template":"","meta":{"om_disable_all_campaigns":false,"_monsterinsights_skip_tracking":false,"_monsterinsights_sitenote_active":false,"_monsterinsights_sitenote_note":"","_monsterinsights_sitenote_category":0},"aioseo_notices":[],"_links":{"self":[{"href":"https:\/\/ensembleregards.com\/en\/wp-json\/wp\/v2\/pages\/1052"}],"collection":[{"href":"https:\/\/ensembleregards.com\/en\/wp-json\/wp\/v2\/pages"}],"about":[{"href":"https:\/\/ensembleregards.com\/en\/wp-json\/wp\/v2\/types\/page"}],"author":[{"embeddable":true,"href":"https:\/\/ensembleregards.com\/en\/wp-json\/wp\/v2\/users\/5"}],"replies":[{"embeddable":true,"href":"https:\/\/ensembleregards.com\/en\/wp-json\/wp\/v2\/comments?post=1052"}],"version-history":[{"count":18,"href":"https:\/\/ensembleregards.com\/en\/wp-json\/wp\/v2\/pages\/1052\/revisions"}],"predecessor-version":[{"id":20371,"href":"https:\/\/ensembleregards.com\/en\/wp-json\/wp\/v2\/pages\/1052\/revisions\/20371"}],"wp:attachment":[{"href":"https:\/\/ensembleregards.com\/en\/wp-json\/wp\/v2\/media?parent=1052"}],"curies":[{"name":"wp","href":"https:\/\/api.w.org\/{rel}","templated":true}]}}