{"id":387,"date":"2014-11-19T02:07:52","date_gmt":"2014-11-19T02:07:52","guid":{"rendered":"http:\/\/ensembleregards.com\/?page_id=387"},"modified":"2014-11-23T21:25:49","modified_gmt":"2014-11-23T21:25:49","slug":"maureen-thiebaut","status":"publish","type":"page","link":"https:\/\/ensembleregards.com\/en\/ensemble\/musicians\/maureen-thiebaut\/","title":{"rendered":"Maureen Thi\u00e9baut"},"content":{"rendered":"<p><a href=\"https:\/\/ensembleregards.com\/wp-content\/uploads\/2014\/09\/photo_bialobroda2.jpg\"><img loading=\"lazy\" class=\"size-medium wp-image-94 alignleft\" src=\"https:\/\/ensembleregards.com\/wp-content\/uploads\/2014\/11\/Maureen-Thi%C3%A9baut-333x500.jpg\" alt=\"Noemie Bialobroda\" width=\"282\" height=\"300\" \/><\/a><\/p>\n<p>Maureen Thi\u00e9baut d\u00e9bute la harpe en 1996. En 2005, elle entre au Conservatoire \u00e0 Rayonnement R\u00e9gional de Paris, o\u00f9 elle suivra les cours de Ghislaine Petit-Volta jusqu\u2019en 2009, date \u00e0 laquelle elle obtient son Dipl\u00f4me d\u2019Etudes Musicales (DEM) Mention Tr\u00e8s Bien et entre au Conservatoire National Sup\u00e9rieur de Paris (CNSMDP), dans la classe d\u2019Isabelle Moretti. Elle en sort 5 ans plus tard, en Juin 2014, avec son prix de harpe Mention Tr\u00e8s Bien \u00e0 l\u2019Unanimit\u00e9.<\/p>\n<p>En Novembre 2011, elle remporte le 1er Prix du Concours International de Harpe de la Cit\u00e9 des Arts de Paris, ainsi que le Prix Sp\u00e9cial d\u2019Interpr\u00e9tation \u00ab Micheline Kahn \u00bb. Elle avait d\u00e9j\u00e0 fait ses preuves en 2008, lorsqu\u2019elle obtient le 3\u00e8me Prix ainsi que le Prix \u00ab Coup de C\u0153ur \u00bb des Concerts de Poche au Concours International Martine G\u00e9liot.<\/p>\n<p>Durant l\u2019ann\u00e9e 2012-2013, elle effectue un \u00e9change Erasmus \u00e0 la Royal Academy of Music of London dans la classe de Skaila Kanga et Karen Vaughan, et fait une tourn\u00e9e de r\u00e9citals qui l\u2019ont notamment men\u00e9e \u00e0 Berlin, Cardiff , et Milan.<\/p>\n<p>En F\u00e9vrier 2014, Maureen Thi\u00e9baut entre \u00e0 l\u2019Orchestre de la Garde R\u00e9publicaine.<\/p>\n<p>Egalement harpe solo de l\u2019Orchestre Manifesto (dir. M\u00e9lanie Levy-Thi\u00e9baut), Maureen Thi\u00e9baut se produit avec l\u2019Op\u00e9ra de Paris, l\u2019Orchestre des Si\u00e8cles, ainsi que l\u2019Orchestre National d\u2019Ile de France (ONDIF), et s\u2019illustre \u00e9galement dans un r\u00e9pertoire soliste \u00e0 travers de r\u00e9guliers r\u00e9citals.<\/p>","protected":false},"excerpt":{"rendered":"<p>Maureen Thi\u00e9baut d\u00e9bute la harpe en 1996. En 2005, elle entre au Conservatoire \u00e0 Rayonnement R\u00e9gional de Paris, o\u00f9 elle suivra les cours de Ghislaine Petit-Volta jusqu\u2019en 2009, date \u00e0 laquelle elle obtient son Dipl\u00f4me d\u2019Etudes Musicales (DEM) Mention Tr\u00e8s Bien et entre au Conservatoire National Sup\u00e9rieur de Paris (CNSMDP), dans la classe d\u2019Isabelle Moretti.<\/p>\n<div><a class=\"btn-filled btn\" href=\"https:\/\/ensembleregards.com\/en\/ensemble\/musicians\/maureen-thiebaut\/\" title=\"Maureen Thi\u00e9baut\">Read More<\/a><\/div>\n","protected":false},"author":5,"featured_media":0,"parent":34,"menu_order":22,"comment_status":"closed","ping_status":"closed","template":"","meta":{"om_disable_all_campaigns":false,"_monsterinsights_skip_tracking":false,"_monsterinsights_sitenote_active":false,"_monsterinsights_sitenote_note":"","_monsterinsights_sitenote_category":0},"aioseo_notices":[],"_links":{"self":[{"href":"https:\/\/ensembleregards.com\/en\/wp-json\/wp\/v2\/pages\/387"}],"collection":[{"href":"https:\/\/ensembleregards.com\/en\/wp-json\/wp\/v2\/pages"}],"about":[{"href":"https:\/\/ensembleregards.com\/en\/wp-json\/wp\/v2\/types\/page"}],"author":[{"embeddable":true,"href":"https:\/\/ensembleregards.com\/en\/wp-json\/wp\/v2\/users\/5"}],"replies":[{"embeddable":true,"href":"https:\/\/ensembleregards.com\/en\/wp-json\/wp\/v2\/comments?post=387"}],"version-history":[{"count":5,"href":"https:\/\/ensembleregards.com\/en\/wp-json\/wp\/v2\/pages\/387\/revisions"}],"predecessor-version":[{"id":396,"href":"https:\/\/ensembleregards.com\/en\/wp-json\/wp\/v2\/pages\/387\/revisions\/396"}],"up":[{"embeddable":true,"href":"https:\/\/ensembleregards.com\/en\/wp-json\/wp\/v2\/pages\/34"}],"wp:attachment":[{"href":"https:\/\/ensembleregards.com\/en\/wp-json\/wp\/v2\/media?parent=387"}],"curies":[{"name":"wp","href":"https:\/\/api.w.org\/{rel}","templated":true}]}}