{"id":540,"date":"2014-11-24T14:09:35","date_gmt":"2014-11-24T14:09:35","guid":{"rendered":"http:\/\/ensembleregards.com\/?page_id=540"},"modified":"2014-11-24T14:09:35","modified_gmt":"2014-11-24T14:09:35","slug":"vladimir-percevic","status":"publish","type":"page","link":"https:\/\/ensembleregards.com\/en\/ensemble\/musicians\/vladimir-percevic\/","title":{"rendered":"Vladimir Per\u010devi\u0107"},"content":{"rendered":"<p><a href=\"https:\/\/ensembleregards.com\/wp-content\/uploads\/2014\/11\/Vladimir-Per\u010devi\u0107.jpg\"><img loading=\"lazy\" class=\"size-full wp-image-542 alignleft\" src=\"https:\/\/ensembleregards.com\/wp-content\/uploads\/2014\/11\/Vladimir-Per\u010devi\u0107.jpg\" alt=\"Vladimir Per\u010devi\u0107\" width=\"300\" height=\"450\" srcset=\"https:\/\/ensembleregards.com\/wp-content\/uploads\/2014\/11\/Vladimir-Per\u010devi\u0107.jpg 1024w, https:\/\/ensembleregards.com\/wp-content\/uploads\/2014\/11\/Vladimir-Per\u010devi\u0107-200x300.jpg 200w, https:\/\/ensembleregards.com\/wp-content\/uploads\/2014\/11\/Vladimir-Per\u010devi\u0107-682x1024.jpg 682w, https:\/\/ensembleregards.com\/wp-content\/uploads\/2014\/11\/Vladimir-Per\u010devi\u0107-333x500.jpg 333w, https:\/\/ensembleregards.com\/wp-content\/uploads\/2014\/11\/Vladimir-Per\u010devi\u0107-900x1350.jpg 900w\" sizes=\"(max-width: 300px) 100vw, 300px\" \/><\/a>L\u2019altiste serbe Vladimir Per\u010devi\u0107 d\u00e9bute la musique \u00e0 l\u2019\u00e2ge de six ans \u00e0 l\u2019Ecole pour Jeunes Talents de Cuprija, Serbie. Il remporte alors de nombreux prix pour les jeunes et en 2002 il remporte le 1er prix du concours national des jeunes altistes \u00e0 Belgrade. L\u2019ann\u00e9e suivante il est admis \u00e0 la Facult\u00e9 des Arts de Belgrade dans la classe de Dejan Mladjenovic. Apr\u00e8s avoir re\u00e7u son dipl\u00f4me de Master \u00e0 l\u2019Universit\u00e9 de Belgrade, Vladimir est invit\u00e9 par le c\u00e9l\u00e8bre altiste et professeur G\u00e9rard Causs\u00e9 au Conservatoire National Sup\u00e9rieur de Musique et de Danse de Paris o\u00f9 il finit ses \u00e9tudes de Master avec la mention tr\u00e8s bien \u00e0 l\u2019unanimit\u00e9. Vladimir se perfectionne et int\u00e8gre les \u00e9tudes de 3\u00e8me cycle au CNSM de Paris dans la classe de Hae-Sun Kang.<\/p>\n<p>Au cours de son d\u00e9veloppement musical, Vladimir s\u2019inspire en travaillant aux c\u00f4t\u00e9s d\u2019artistes tels que G\u00e9rard Causs\u00e9, Wilfried Strehle, Bj\u00f6rn Sj\u00f6gren, Tasso Adamopulos, Antoine Tamestit, Jean Sulem, Atar Arad \u2026<br \/>\nVladimir est \u00e9galement passionn\u00e9 par la musique contemporaine. Il participe \u00e0 des projets de l&#8217;IRCAM, collabore avec plusieurs jeunes compositeurs et re\u00e7oit des conseils de compositeurs confirm\u00e9s tels que George Benjamin, Bruno Mantovani et G\u00e9rard Pesson.<\/p>\n<p>Il est invit\u00e9 aux nombreux festivals parmi lesquels Festival d&#8217;Auvers-sur-Oise, \u00ab La Folle Journ\u00e9e au Japon \u00bb, \u00ab ManiFeste \u00bb de Paris, festival Messiaen au pays da la Meije, festival \u00ab BEMUS \u00bb de Belgrade, festival \u00ab Musique \u00e0 la Cour \u00bb de Solli\u00e8s-Pont, festival &#8220;Aspects des musiques d&#8217;aujourd&#8217;hui&#8221;\u2026 Il se produit en soliste et en musique de chambre dans les salles comme \u00ab Cite de la musique \u00bb de Paris, au \u00ab Teatro de Caja Duero \u00bb de Salamanca, dans la salle \u00ab Kolarac \u00bb \u00e0 Belgrade, \u00e0 l&#8217;Acad\u00e9mie des Arts et des Sciences de Serbie, au Th\u00e9\u00e2tre national \u00e0 Belgrade ainsi que dans les salles les plus importantes en Serbie. Il se produit \u00e9galement en France, Gr\u00e8ce, Espagne, Pays-Bas, Belgique, Allemagne, Hongrie, Slovaquie et Japon. Il fait des enregistrements pour la radio et la t\u00e9l\u00e9vision (Radio Belgrade, RTS).<\/p>\n<p>Il est boursier de la fondation Meyer, du Gouvernement fran\u00e7ais et de l\u2019ambassade fran\u00e7aise \u00e0 Belgrade et il est laur\u00e9at de la Fondation d\u2019entreprise Banque Populaire.<\/p>\n<p>En musique de chambre il se produit r\u00e9guli\u00e8rement avec la pianiste Sanja Bizjak.<br \/>\nVladimir joue sur un magnifique alto de G. Guadagnini pr\u00eat\u00e9 par la Fondation Zilber\/Rampal.<\/p>","protected":false},"excerpt":{"rendered":"<p>L\u2019altiste serbe Vladimir Per\u010devi\u0107 d\u00e9bute la musique \u00e0 l\u2019\u00e2ge de six ans \u00e0 l\u2019Ecole pour Jeunes Talents de Cuprija, Serbie. Il remporte alors de nombreux prix pour les jeunes et en 2002 il remporte le 1er prix du concours national des jeunes altistes \u00e0 Belgrade. L\u2019ann\u00e9e suivante il est admis \u00e0 la Facult\u00e9 des Arts<\/p>\n<div><a class=\"btn-filled btn\" href=\"https:\/\/ensembleregards.com\/en\/ensemble\/musicians\/vladimir-percevic\/\" title=\"Vladimir Per\u010devi\u0107\">Read More<\/a><\/div>\n","protected":false},"author":5,"featured_media":0,"parent":34,"menu_order":26,"comment_status":"closed","ping_status":"closed","template":"","meta":{"om_disable_all_campaigns":false,"_monsterinsights_skip_tracking":false,"_monsterinsights_sitenote_active":false,"_monsterinsights_sitenote_note":"","_monsterinsights_sitenote_category":0},"aioseo_notices":[],"_links":{"self":[{"href":"https:\/\/ensembleregards.com\/en\/wp-json\/wp\/v2\/pages\/540"}],"collection":[{"href":"https:\/\/ensembleregards.com\/en\/wp-json\/wp\/v2\/pages"}],"about":[{"href":"https:\/\/ensembleregards.com\/en\/wp-json\/wp\/v2\/types\/page"}],"author":[{"embeddable":true,"href":"https:\/\/ensembleregards.com\/en\/wp-json\/wp\/v2\/users\/5"}],"replies":[{"embeddable":true,"href":"https:\/\/ensembleregards.com\/en\/wp-json\/wp\/v2\/comments?post=540"}],"version-history":[{"count":2,"href":"https:\/\/ensembleregards.com\/en\/wp-json\/wp\/v2\/pages\/540\/revisions"}],"predecessor-version":[{"id":867,"href":"https:\/\/ensembleregards.com\/en\/wp-json\/wp\/v2\/pages\/540\/revisions\/867"}],"up":[{"embeddable":true,"href":"https:\/\/ensembleregards.com\/en\/wp-json\/wp\/v2\/pages\/34"}],"wp:attachment":[{"href":"https:\/\/ensembleregards.com\/en\/wp-json\/wp\/v2\/media?parent=540"}],"curies":[{"name":"wp","href":"https:\/\/api.w.org\/{rel}","templated":true}]}}