{"id":71,"date":"2014-09-10T15:53:10","date_gmt":"2014-09-10T15:53:10","guid":{"rendered":"http:\/\/ensembleregards.com\/?page_id=71&#038;lang=en"},"modified":"2016-12-03T11:41:05","modified_gmt":"2016-12-03T11:41:05","slug":"julien-beneteau","status":"publish","type":"page","link":"https:\/\/ensembleregards.com\/en\/ensemble\/musicians\/julien-beneteau\/","title":{"rendered":"Julien B\u00e9n\u00e9teau"},"content":{"rendered":"<p><a href=\"https:\/\/ensembleregards.com\/wp-content\/uploads\/2014\/09\/Julien-B\u00e9n\u00e9teau.png\"><img loading=\"lazy\" class=\"size-medium wp-image-72 alignleft\" src=\"https:\/\/ensembleregards.com\/wp-content\/uploads\/2014\/09\/Julien-B\u00e9n\u00e9teau-300x210.png\" alt=\"Julien B\u00e9n\u00e9teau\" width=\"300\" height=\"210\" srcset=\"https:\/\/ensembleregards.com\/wp-content\/uploads\/2014\/09\/Julien-B\u00e9n\u00e9teau-300x210.png 300w, https:\/\/ensembleregards.com\/wp-content\/uploads\/2014\/09\/Julien-B\u00e9n\u00e9teau-400x280.png 400w, https:\/\/ensembleregards.com\/wp-content\/uploads\/2014\/09\/Julien-B\u00e9n\u00e9teau.png 756w\" sizes=\"(max-width: 300px) 100vw, 300px\" \/><\/a><\/p>\n<p>Tr\u00e8s impliqu\u00e9 dans la cr\u00e9ation contemporaine, Julien B\u00e9n\u00e9teau, clarinettiste et chef d\u2019orchestre, a travaill\u00e9 avec d\u2019\u00e9minents compositeurs tels que Gilbert Amy, Vinko Globokar, G\u00e9rard Grisey, Jonathan Harvey, Pascal Dusapin, Bruno Mantovani, Fr\u00e9d\u00e9ric Durieux\u2026<\/p>\n<p>En tant qu\u2019instrumentiste, Julien B\u00e9n\u00e9teau est Laur\u00e9at du concours international du printemps de Prague. Il se produit en musique de chambre dans divers festivals en France et \u00e0 l\u2019\u00e9tranger aux c\u00f4t\u00e9s de Michael Collins, les \u00ab\u00a0London Winds\u00a0\u00bb, Isabelle Von Keulen, H\u00e5kan Hardenberger, Jonas Vitaud, Adrien Boisseau, Jean-Claude Van Den Heyden, Anja Silja, Dietrich Henschel, l\u2019ensemble Oxalys avec qui il appara\u00eet sur l\u2019enregistrement de l\u2019album de la Mezzo-soprano Christianne Stotijn \u00ab\u00a0If the owl calls again\u00a0\u00bb, paru cher Warner Classics.<\/p>\n<p>Son autre passion, la direction d\u2019orchestre, il l\u2019a \u00e9tudi\u00e9e en France et aux \u00c9tats-Unis avec Jean-S\u00e9bastien B\u00e9reau, Gustav Meier, Marin Alsop, Georges Pehlivanian, et a b\u00e9n\u00e9fici\u00e9 des pr\u00e9cieux conseils de Walter Weller. Il fait ses d\u00e9buts en 2005, en dirigeant l\u2019orchestre du festival \u00ab\u00a0les Nuits d\u2019\u00e9t\u00e9\u00a0\u00bb, dans une \u0153uvre de Goffredo Petrassi, \u00ab\u00a0Sestina d\u2019Autunno\u00a0\u00bb. D\u00e8s lors, il est r\u00e9guli\u00e8rement invit\u00e9 \u00e0 diriger cet ensemble \u00e0 la programmation audacieuse et \u00e9clectique.<\/p>\n<p>Il a travaill\u00e9 en France et en Belgique avec l\u2019ensemble Constellations Musicales, l\u2019orchestre de formation professionnelle du Conservatoire de Lille, l\u2019orchestre du Conservatoire d\u2019Arras, l\u2019orchestre des \u00e9tudiants du CNSMD de Lyon mais aussi l\u2019orchestre d\u2019Harmonie de la Musique de la Police Nationale \u00e0 Paris. De 2012 \u00e0 2014 il se voit confier l\u2019orchestre \u00e0 vents de l\u2019Institut Sup\u00e9rieur de Musique et P\u00e9dagogie de Namur. Il a enregistr\u00e9 aux studios Dada \u00e0 Bruxelles les bandes originales de Max Richter pour le film \u00ab\u00a0La marque des anges -Miserere\u00a0\u00bb ainsi que celle de Raf Keunen pour \u00ab\u00a0Le temps de l\u2019aventure.<\/p>\n<p>Julien B\u00e9n\u00e9teau a effectu\u00e9 ses \u00e9tudes musicales aux conservatoires de Nantes et Paris, pour ensuite int\u00e9grer le CNSMD de Lyon. Il y obtient son Dipl\u00f4me National d\u2019\u00c9tudes Sup\u00e9rieures Musicales en clarinette et son Dipl\u00f4me de perfectionnement en musique de chambre avec les plus hautes distinctions.<\/p>\n<p>En 2014, Julien B\u00e9n\u00e9teau est nomm\u00e9 Directeur Musical de l\u2019Ensemble Regards \u00e0 Paris.<\/p>\n<p>Julien B\u00e9n\u00e9teau \u00a9 2016<\/p>\n","protected":false},"excerpt":{"rendered":"<p>Tr\u00e8s impliqu\u00e9 dans la cr\u00e9ation contemporaine, Julien B\u00e9n\u00e9teau, clarinettiste et chef d\u2019orchestre, a travaill\u00e9 avec d\u2019\u00e9minents compositeurs tels que Gilbert Amy, Vinko Globokar, G\u00e9rard Grisey, Jonathan Harvey, Pascal Dusapin, Bruno Mantovani, Fr\u00e9d\u00e9ric Durieux\u2026 En tant qu\u2019instrumentiste, Julien B\u00e9n\u00e9teau est Laur\u00e9at du concours international du printemps de Prague. Il se produit en musique de chambre dans<\/p>\n<div><a class=\"btn-filled btn\" href=\"https:\/\/ensembleregards.com\/en\/ensemble\/musicians\/julien-beneteau\/\" title=\"Julien B\u00e9n\u00e9teau\">Read More<\/a><\/div>\n","protected":false},"author":5,"featured_media":0,"parent":34,"menu_order":8,"comment_status":"closed","ping_status":"closed","template":"","meta":{"om_disable_all_campaigns":false,"_monsterinsights_skip_tracking":false,"_monsterinsights_sitenote_active":false,"_monsterinsights_sitenote_note":"","_monsterinsights_sitenote_category":0},"aioseo_notices":[],"_links":{"self":[{"href":"https:\/\/ensembleregards.com\/en\/wp-json\/wp\/v2\/pages\/71"}],"collection":[{"href":"https:\/\/ensembleregards.com\/en\/wp-json\/wp\/v2\/pages"}],"about":[{"href":"https:\/\/ensembleregards.com\/en\/wp-json\/wp\/v2\/types\/page"}],"author":[{"embeddable":true,"href":"https:\/\/ensembleregards.com\/en\/wp-json\/wp\/v2\/users\/5"}],"replies":[{"embeddable":true,"href":"https:\/\/ensembleregards.com\/en\/wp-json\/wp\/v2\/comments?post=71"}],"version-history":[{"count":4,"href":"https:\/\/ensembleregards.com\/en\/wp-json\/wp\/v2\/pages\/71\/revisions"}],"predecessor-version":[{"id":1033,"href":"https:\/\/ensembleregards.com\/en\/wp-json\/wp\/v2\/pages\/71\/revisions\/1033"}],"up":[{"embeddable":true,"href":"https:\/\/ensembleregards.com\/en\/wp-json\/wp\/v2\/pages\/34"}],"wp:attachment":[{"href":"https:\/\/ensembleregards.com\/en\/wp-json\/wp\/v2\/media?parent=71"}],"curies":[{"name":"wp","href":"https:\/\/api.w.org\/{rel}","templated":true}]}}