{"id":89,"date":"2014-09-10T16:21:40","date_gmt":"2014-09-10T16:21:40","guid":{"rendered":"http:\/\/ensembleregards.com\/en\/?page_id=89"},"modified":"2015-05-28T21:36:33","modified_gmt":"2015-05-28T21:36:33","slug":"arthur-bolorinos","status":"publish","type":"page","link":"https:\/\/ensembleregards.com\/en\/ensemble\/musicians\/arthur-bolorinos\/","title":{"rendered":"Arthur Bolorinos"},"content":{"rendered":"<p><a href=\"https:\/\/ensembleregards.com\/wp-content\/uploads\/2014\/09\/Arthur_Bolorinos_photo1.jpg\"><img loading=\"lazy\" class=\"size-medium wp-image-90 alignleft\" src=\"https:\/\/ensembleregards.com\/wp-content\/uploads\/2014\/09\/Arthur_Bolorinos_photo1-243x300.jpg\" alt=\"Arthur_Bolorinos_photo1\" width=\"243\" height=\"300\" srcset=\"https:\/\/ensembleregards.com\/wp-content\/uploads\/2014\/09\/Arthur_Bolorinos_photo1-243x300.jpg 243w, https:\/\/ensembleregards.com\/wp-content\/uploads\/2014\/09\/Arthur_Bolorinos_photo1.jpg 369w\" sizes=\"(max-width: 243px) 100vw, 243px\" \/><\/a><\/p>\n<p>N\u00e9 en 1990, Arthur Bolorinos d\u00e9couvre la clarinette \u00e0 l\u2019\u00e9cole de musique de Vitrolles avec Patrick S\u00e9gard. Tr\u00e8s vite attir\u00e9 par la musique d\u2019ensemble, il participe d\u00e8s l\u2019\u00e2ge de 10 ans \u00e0 un atelier de musique contemporaine cr\u00e9\u00e9 par Jacques Raynaut \u00e0 Vitrolles.<br \/>\nApr\u00e8s cinq ann\u00e9es pass\u00e9es au Conservatoire d\u2019Aix-en-Provence dans la classe de Daniel Paloyan, il continue son apprentissage de l\u2019instrument aupr\u00e8s de Florent H\u00e9au en r\u00e9gion Parisienne et int\u00e8gre en 2011, premier nomm\u00e9, la classe de Philippe Berrod au Conservatoire National Sup\u00e9rieur de Musique (CNSM) de Paris. Il a \u00e9galement suivi des cours avec Sabine Meyer \u00e0 la Musikhochschule de Lubeck<\/p>\n<p>Il participe \u00e0 de nombreuses exp\u00e9riences d\u2019orchestre avec l\u2019orchestre Pasdeloup, l\u2019Ensemble Intercontemporain, l\u2019orchestre du CNSM \u00e0 la salle Pleyel sous la direction d\u2019Emmanuel Krivine, l\u2019orchestre Prom\u00e9th\u00e9e avec Le San Francisco Ballet, l\u2019Orchestre des Jeunes de la M\u00e9diterran\u00e9e et .le London Symphony Orchestra au Festival International d\u2019Art Lyrique d\u2019Aix-en-Provence.<\/p>\n<p>Toujours anim\u00e9 par une grande curiosit\u00e9, il participe \u00e0 la cr\u00e9ation en 2012 de l\u2019Ensemble \u00e0 Vent des Jeunes de Paris comme 1\u00e8re clarinette solo, \u00e0 la cr\u00e9ation de l\u2019Orchestre Ecorce, ainsi qu\u2019\u00e0 la formation en 2013 de l\u2019ensemble REGARDS, sp\u00e9cialis\u00e9 dans la musique contemporaine, men\u00e9 par des compositeurs issus de l\u2019IRCAM.<br \/>\nDepuis 2011, il se passionne \u00e9galement pour la clarinette ancienne dans la classe d\u2019Eric Hoeprich, qui l\u2019am\u00e8ne \u00e0 interpr\u00e9ter le Requiem de Mozart sur instruments d\u2019\u00e9poque ainsi qu\u2019\u00e0 organiser des concerts en duos en utilisant diverses clarinettes de 1750 jusqu\u2019aujourd\u2019hui.<\/p>\n<p>Il est boursier de la fondation Meyer.<\/p>","protected":false},"excerpt":{"rendered":"<p>N\u00e9 en 1990, Arthur Bolorinos d\u00e9couvre la clarinette \u00e0 l\u2019\u00e9cole de musique de Vitrolles avec Patrick S\u00e9gard. Tr\u00e8s vite attir\u00e9 par la musique d\u2019ensemble, il participe d\u00e8s l\u2019\u00e2ge de 10 ans \u00e0 un atelier de musique contemporaine cr\u00e9\u00e9 par Jacques Raynaut \u00e0 Vitrolles. Apr\u00e8s cinq ann\u00e9es pass\u00e9es au Conservatoire d\u2019Aix-en-Provence dans la classe de Daniel<\/p>\n<div><a class=\"btn-filled btn\" href=\"https:\/\/ensembleregards.com\/en\/ensemble\/musicians\/arthur-bolorinos\/\" title=\"Arthur Bolorinos\">Read More<\/a><\/div>\n","protected":false},"author":5,"featured_media":0,"parent":34,"menu_order":16,"comment_status":"closed","ping_status":"closed","template":"","meta":{"om_disable_all_campaigns":false,"_monsterinsights_skip_tracking":false,"_monsterinsights_sitenote_active":false,"_monsterinsights_sitenote_note":"","_monsterinsights_sitenote_category":0},"aioseo_notices":[],"_links":{"self":[{"href":"https:\/\/ensembleregards.com\/en\/wp-json\/wp\/v2\/pages\/89"}],"collection":[{"href":"https:\/\/ensembleregards.com\/en\/wp-json\/wp\/v2\/pages"}],"about":[{"href":"https:\/\/ensembleregards.com\/en\/wp-json\/wp\/v2\/types\/page"}],"author":[{"embeddable":true,"href":"https:\/\/ensembleregards.com\/en\/wp-json\/wp\/v2\/users\/5"}],"replies":[{"embeddable":true,"href":"https:\/\/ensembleregards.com\/en\/wp-json\/wp\/v2\/comments?post=89"}],"version-history":[{"count":6,"href":"https:\/\/ensembleregards.com\/en\/wp-json\/wp\/v2\/pages\/89\/revisions"}],"predecessor-version":[{"id":840,"href":"https:\/\/ensembleregards.com\/en\/wp-json\/wp\/v2\/pages\/89\/revisions\/840"}],"up":[{"embeddable":true,"href":"https:\/\/ensembleregards.com\/en\/wp-json\/wp\/v2\/pages\/34"}],"wp:attachment":[{"href":"https:\/\/ensembleregards.com\/en\/wp-json\/wp\/v2\/media?parent=89"}],"curies":[{"name":"wp","href":"https:\/\/api.w.org\/{rel}","templated":true}]}}